{"id":1872,"date":"2023-10-21T21:16:39","date_gmt":"2023-10-21T21:16:39","guid":{"rendered":"https:\/\/www.valentinagarraffa.it\/?page_id=1872"},"modified":"2023-10-21T21:21:03","modified_gmt":"2023-10-21T21:21:03","slug":"press-news","status":"publish","type":"page","link":"https:\/\/www.valentinagarraffa.it\/en\/press-news\/","title":{"rendered":"Press &#038; News"},"content":{"rendered":"<div class=\"wpb-content-wrapper\"><section class=\"wpb_row vc_row-fluid\"><div class=\"container\"><div class=\"row\"><div class=\"wpb_column vc_column_container vc_col-sm-12\"><div class=\"vc_column-inner\"><div class=\"wpb_wrapper\"  >\n<div class=\"vc_grid-container-wrapper vc_clearfix vc_grid-animation-fadeIn\">\n\t<div class=\"vc_grid-container vc_clearfix wpb_content_element vc_basic_grid\" data-initial-loading-animation=\"fadeIn\" data-vc-grid-settings=\"{&quot;page_id&quot;:1872,&quot;style&quot;:&quot;all&quot;,&quot;action&quot;:&quot;vc_get_vc_grid_data&quot;,&quot;shortcode_id&quot;:&quot;1697923192365-f9406ac6-677e-1&quot;,&quot;tag&quot;:&quot;vc_basic_grid&quot;}\" data-vc-request=\"https:\/\/www.valentinagarraffa.it\/wp-admin\/admin-ajax.php\" data-vc-post-id=\"1872\" data-vc-public-nonce=\"2ab224c947\">\n\t\t<style data-type=\"vc_shortcodes-custom-css\">.vc_custom_1419240516480{background-color: #f9f9f9 !important;}<\/style><div class=\"vc_grid vc_row vc_grid-gutter-30px vc_pageable-wrapper vc_hook_hover\" data-vc-pageable-content=\"true\"><div class=\"vc_pageable-slide-wrapper vc_clearfix\" data-vc-grid-content=\"true\"><div class=\"vc_grid-item vc_clearfix vc_col-sm-4 vc_grid-item-zone-c-bottom\"><div class=\"vc_grid-item-mini vc_clearfix\"><div class=\"vc_gitem-animated-block\" ><div class=\"vc_gitem-zone vc_gitem-zone-a vc-gitem-zone-height-mode-auto vc-gitem-zone-height-mode-auto-1-1 vc_gitem-is-link\" style=\"background-image: url('https:\/\/www.valentinagarraffa.it\/wp-content\/uploads\/2023\/10\/Screenshot-2023-10-21-alle-23.14.32-1024x681.png') !important;\"><a href=\"https:\/\/www.valentinagarraffa.it\/en\/2023\/10\/21\/riorganizzare-con-successo-67m%c2%b2-per-una-famiglia-di-3-persone\/\" title=\"Riorganizzare con Successo 67m\u00b2 per una Famiglia di 3 Persone\" class=\"vc_gitem-link vc-zone-link\" ><\/a><img decoding=\"async\" class=\"vc_gitem-zone-img\" src=\"https:\/\/www.valentinagarraffa.it\/wp-content\/uploads\/2023\/10\/Screenshot-2023-10-21-alle-23.14.32-1024x681.png\" alt=\"Riorganizzare con Successo 67m\u00b2 per una Famiglia di 3 Persone\" loading=\"lazy\"><div class=\"vc_gitem-zone-mini\"><\/div><\/div><\/div><div class=\"vc_gitem-zone vc_gitem-zone-c vc_custom_1419240516480\"><div class=\"vc_gitem-zone-mini\"><div class=\"vc_gitem_row vc_row vc_gitem-row-position-top\"><div class=\"vc_col-sm-12 vc_gitem-col vc_gitem-col-align-\"><div class=\"vc_custom_heading vc_gitem-post-data vc_gitem-post-data-source-post_title\" ><h4 style=\"text-align: left\" >Riorganizzare con Successo 67m\u00b2 per una Famiglia di 3 Persone<\/h4><\/div><div class=\"vc_custom_heading vc_gitem-post-data vc_gitem-post-data-source-post_excerpt\" ><p style=\"text-align: left\" ><p>Pubblicato su HOUZZ L&#8217;architetta \u00e8 riuscita a ricavare una camera da letto e un bagno in pi\u00f9 senza rinunciare a comfort e bellezza. [&#8230;]<\/p>\n<\/p><\/div><div class=\"vc_btn3-container vc_btn3-left\"><a class=\"vc_general vc_btn3 vc_btn3-size-md vc_btn3-shape-rounded vc_btn3-style-flat vc_btn3-color-juicy-pink\" a href=\"https:\/\/www.valentinagarraffa.it\/en\/2023\/10\/21\/riorganizzare-con-successo-67m%c2%b2-per-una-famiglia-di-3-persone\/\" title=\"Read more\">Read more<\/a><\/div><\/div><\/div><\/div><\/div><\/div><div class=\"vc_clearfix\"><\/div><\/div><div class=\"vc_grid-item vc_clearfix vc_col-sm-4 vc_grid-item-zone-c-bottom\"><div class=\"vc_grid-item-mini vc_clearfix\"><div class=\"vc_gitem-animated-block\" ><div class=\"vc_gitem-zone vc_gitem-zone-a vc-gitem-zone-height-mode-auto vc-gitem-zone-height-mode-auto-1-1 vc_gitem-is-link\" style=\"background-image: url('https:\/\/www.valentinagarraffa.it\/wp-content\/uploads\/2023\/10\/Screenshot-2023-10-21-alle-18.48.15-1024x580.png') !important;\"><a href=\"https:\/\/www.valentinagarraffa.it\/en\/2023\/10\/21\/sala-scaramantica-loriginale-connubio-di-gino-sorbillo\/\" title=\"Sala scaramantica: l\u2019originale connubio di Gino Sorbillo\" class=\"vc_gitem-link vc-zone-link\" ><\/a><img decoding=\"async\" class=\"vc_gitem-zone-img\" src=\"https:\/\/www.valentinagarraffa.it\/wp-content\/uploads\/2023\/10\/Screenshot-2023-10-21-alle-18.48.15-1024x580.png\" alt=\"Sala scaramantica: l\u2019originale connubio di Gino Sorbillo\" loading=\"lazy\"><div class=\"vc_gitem-zone-mini\"><\/div><\/div><\/div><div class=\"vc_gitem-zone vc_gitem-zone-c vc_custom_1419240516480\"><div class=\"vc_gitem-zone-mini\"><div class=\"vc_gitem_row vc_row vc_gitem-row-position-top\"><div class=\"vc_col-sm-12 vc_gitem-col vc_gitem-col-align-\"><div class=\"vc_custom_heading vc_gitem-post-data vc_gitem-post-data-source-post_title\" ><h4 style=\"text-align: left\" >Sala scaramantica: l\u2019originale connubio di Gino Sorbillo<\/h4><\/div><div class=\"vc_custom_heading vc_gitem-post-data vc_gitem-post-data-source-post_excerpt\" ><p style=\"text-align: left\" ><p>Pubblicato in Pizza Tales [&#8230;] Facendo riferimento alle pi\u00f9 antiche tradizioni partenopee, la sala scaramantica di Sorbillo, si serve (con maestria e rispetto) di diversi elementi tipici della citt\u00e0 per caratterizzare ogni dettaglio della sala. Impone sicuramente la sua presenza, il grande tavolo a forma di ferro di cavallo, posizionato al centro della sala, con [&hellip;]<\/p>\n<\/p><\/div><div class=\"vc_btn3-container vc_btn3-left\"><a class=\"vc_general vc_btn3 vc_btn3-size-md vc_btn3-shape-rounded vc_btn3-style-flat vc_btn3-color-juicy-pink\" a href=\"https:\/\/www.valentinagarraffa.it\/en\/2023\/10\/21\/sala-scaramantica-loriginale-connubio-di-gino-sorbillo\/\" title=\"Read more\">Read more<\/a><\/div><\/div><\/div><\/div><\/div><\/div><div class=\"vc_clearfix\"><\/div><\/div><div class=\"vc_grid-item vc_clearfix vc_col-sm-4 vc_grid-item-zone-c-bottom\"><div class=\"vc_grid-item-mini vc_clearfix\"><div class=\"vc_gitem-animated-block\" ><div class=\"vc_gitem-zone vc_gitem-zone-a vc-gitem-zone-height-mode-auto vc-gitem-zone-height-mode-auto-1-1 vc_gitem-is-link\" style=\"background-image: url('https:\/\/www.valentinagarraffa.it\/wp-content\/uploads\/2023\/10\/Screenshot-2023-10-21-alle-23.05.02-1024x675.png') !important;\"><a href=\"https:\/\/www.valentinagarraffa.it\/en\/2015\/10\/27\/napoli-nasce-la-pizza-scaramantica\/\" title=\"Napoli, nasce la pizza scaramantica\" class=\"vc_gitem-link vc-zone-link\" ><\/a><img decoding=\"async\" class=\"vc_gitem-zone-img\" src=\"https:\/\/www.valentinagarraffa.it\/wp-content\/uploads\/2023\/10\/Screenshot-2023-10-21-alle-23.05.02-1024x675.png\" alt=\"Napoli, nasce la pizza scaramantica\" loading=\"lazy\"><div class=\"vc_gitem-zone-mini\"><\/div><\/div><\/div><div class=\"vc_gitem-zone vc_gitem-zone-c vc_custom_1419240516480\"><div class=\"vc_gitem-zone-mini\"><div class=\"vc_gitem_row vc_row vc_gitem-row-position-top\"><div class=\"vc_col-sm-12 vc_gitem-col vc_gitem-col-align-\"><div class=\"vc_custom_heading vc_gitem-post-data vc_gitem-post-data-source-post_title\" ><h4 style=\"text-align: left\" >Napoli, nasce la pizza scaramantica<\/h4><\/div><div class=\"vc_custom_heading vc_gitem-post-data vc_gitem-post-data-source-post_excerpt\" ><p style=\"text-align: left\" ><p>Pubblicato da Repubblica.it [&#8230;] Le grate delle finestre del locale saranno una vera e propria opera d\u2019arte: una maschera di Pulcinella in ferro pieno realizzata per l\u2019occasione dallo scultore ed artista Lello Esposito. Ci sar\u00e0 poi un tavolo in ferro a forma di ferro di cavallo, unico bancone della &#8220;sala scaramantica&#8221; ideato da Gino Sorbillo [&hellip;]<\/p>\n<\/p><\/div><div class=\"vc_btn3-container vc_btn3-left\"><a class=\"vc_general vc_btn3 vc_btn3-size-md vc_btn3-shape-rounded vc_btn3-style-flat vc_btn3-color-juicy-pink\" a href=\"https:\/\/www.valentinagarraffa.it\/en\/2015\/10\/27\/napoli-nasce-la-pizza-scaramantica\/\" title=\"Read more\">Read more<\/a><\/div><\/div><\/div><\/div><\/div><\/div><div class=\"vc_clearfix\"><\/div><\/div><div class=\"vc_grid-item vc_clearfix vc_col-sm-4 vc_grid-item-zone-c-bottom\"><div class=\"vc_grid-item-mini vc_clearfix\"><div class=\"vc_gitem-animated-block\" ><div class=\"vc_gitem-zone vc_gitem-zone-a vc-gitem-zone-height-mode-auto vc-gitem-zone-height-mode-auto-1-1 vc_gitem-is-link\" style=\"background-image: url('https:\/\/www.valentinagarraffa.it\/wp-content\/uploads\/2023\/10\/Screenshot-2023-10-21-alle-18.57.41-1024x677.png') !important;\"><a href=\"https:\/\/www.valentinagarraffa.it\/en\/2015\/10\/27\/gino-sorbillo-apre-la-sala-scaramantica-in-via-dei-tribunali\/\" title=\"Gino Sorbillo apre la sala scaramantica in via dei Tribunali\" class=\"vc_gitem-link vc-zone-link\" ><\/a><img decoding=\"async\" class=\"vc_gitem-zone-img\" src=\"https:\/\/www.valentinagarraffa.it\/wp-content\/uploads\/2023\/10\/Screenshot-2023-10-21-alle-18.57.41-1024x677.png\" alt=\"Gino Sorbillo apre la sala scaramantica in via dei Tribunali\" loading=\"lazy\"><div class=\"vc_gitem-zone-mini\"><\/div><\/div><\/div><div class=\"vc_gitem-zone vc_gitem-zone-c vc_custom_1419240516480\"><div class=\"vc_gitem-zone-mini\"><div class=\"vc_gitem_row vc_row vc_gitem-row-position-top\"><div class=\"vc_col-sm-12 vc_gitem-col vc_gitem-col-align-\"><div class=\"vc_custom_heading vc_gitem-post-data vc_gitem-post-data-source-post_title\" ><h4 style=\"text-align: left\" >Gino Sorbillo apre la sala scaramantica in via dei Tribunali<\/h4><\/div><div class=\"vc_custom_heading vc_gitem-post-data vc_gitem-post-data-source-post_excerpt\" ><p style=\"text-align: left\" ><p>Pubblicato in Fanpage.it [&#8230;] Singolari le inferriate della pizzeria: una autentica istallazione di arte moderna. Campegger\u00e0 nel locale la splendida maschera di pulcinella realizzata in ferro pieno, dallo scultore interprete della napoletanit\u00e0 Lello Esposito. Non potr\u00e0 mancare il ferro a forma di ferro di cavallo presente nel locale sul bancone e realizzato dallo studio dell\u2019architetto [&hellip;]<\/p>\n<\/p><\/div><div class=\"vc_btn3-container vc_btn3-left\"><a class=\"vc_general vc_btn3 vc_btn3-size-md vc_btn3-shape-rounded vc_btn3-style-flat vc_btn3-color-juicy-pink\" a href=\"https:\/\/www.valentinagarraffa.it\/en\/2015\/10\/27\/gino-sorbillo-apre-la-sala-scaramantica-in-via-dei-tribunali\/\" title=\"Read more\">Read more<\/a><\/div><\/div><\/div><\/div><\/div><\/div><div class=\"vc_clearfix\"><\/div><\/div><div class=\"vc_grid-item vc_clearfix vc_col-sm-4 vc_grid-item-zone-c-bottom\"><div class=\"vc_grid-item-mini vc_clearfix\"><div class=\"vc_gitem-animated-block\" ><div class=\"vc_gitem-zone vc_gitem-zone-a vc-gitem-zone-height-mode-auto vc-gitem-zone-height-mode-auto-1-1 vc_gitem-is-link\" style=\"background-image: url('https:\/\/www.valentinagarraffa.it\/wp-content\/uploads\/2023\/10\/Screenshot-2023-10-21-alle-23.01.47-1024x549.png') !important;\"><a href=\"https:\/\/www.valentinagarraffa.it\/en\/2015\/10\/21\/gino-sorbillo-apre-la-prima-pizzeria-scaramantica-a-napoli\/\" title=\"Gino Sorbillo apre la prima pizzeria scaramantica a Napoli\" class=\"vc_gitem-link vc-zone-link\" ><\/a><img decoding=\"async\" class=\"vc_gitem-zone-img\" src=\"https:\/\/www.valentinagarraffa.it\/wp-content\/uploads\/2023\/10\/Screenshot-2023-10-21-alle-23.01.47-1024x549.png\" alt=\"Gino Sorbillo apre la prima pizzeria scaramantica a Napoli\" loading=\"lazy\"><div class=\"vc_gitem-zone-mini\"><\/div><\/div><\/div><div class=\"vc_gitem-zone vc_gitem-zone-c vc_custom_1419240516480\"><div class=\"vc_gitem-zone-mini\"><div class=\"vc_gitem_row vc_row vc_gitem-row-position-top\"><div class=\"vc_col-sm-12 vc_gitem-col vc_gitem-col-align-\"><div class=\"vc_custom_heading vc_gitem-post-data vc_gitem-post-data-source-post_title\" ><h4 style=\"text-align: left\" >Gino Sorbillo apre la prima pizzeria scaramantica a Napoli<\/h4><\/div><div class=\"vc_custom_heading vc_gitem-post-data vc_gitem-post-data-source-post_excerpt\" ><p style=\"text-align: left\" ><p>Pubblicato in Lucianopignataro.it [&#8230;] Altro protagonista della prossima apertura un tavolo in ferro a forma di ferro di cavallo, unico bancone della \u201csala scaramantica\u201d, ideato da Gino Sorbillo e realizzato dallo studio dell\u2019Arch.\u00a0Valentina Garraffa. Al centro del tavolo vi \u00e8 un ulteriore richiamo alla simbologia popolare napoletana con un immancabile scultura del corno portafortuna.[&#8230;]<\/p>\n<\/p><\/div><div class=\"vc_btn3-container vc_btn3-left\"><a class=\"vc_general vc_btn3 vc_btn3-size-md vc_btn3-shape-rounded vc_btn3-style-flat vc_btn3-color-juicy-pink\" a href=\"https:\/\/www.valentinagarraffa.it\/en\/2015\/10\/21\/gino-sorbillo-apre-la-prima-pizzeria-scaramantica-a-napoli\/\" title=\"Read more\">Read more<\/a><\/div><\/div><\/div><\/div><\/div><\/div><div class=\"vc_clearfix\"><\/div><\/div><\/div><\/div>\n\t<\/div>\n<\/div><\/div><\/div><\/div><\/div><\/div><\/section>\n<\/div>","protected":false},"excerpt":{"rendered":"Riorganizzare con Successo 67m\u00b2 per una Famiglia di 3 PersonePubblicato su HOUZZ L&#8217;architetta \u00e8 riuscita a ricavare una camera da letto e un bagno in pi\u00f9 senza rinunciare a comfort e bellezza. [&#8230;] Read moreSala scaramantica: l\u2019originale connubio di Gino SorbilloPubblicato in Pizza Tales [&#8230;] Facendo riferimento alle pi\u00f9 antiche tradizioni partenopee, la sala scaramantica [...]","protected":false},"author":1,"featured_media":0,"parent":0,"menu_order":0,"comment_status":"closed","ping_status":"closed","template":"","meta":{"om_disable_all_campaigns":false,"_monsterinsights_skip_tracking":false,"_uf_show_specific_survey":0,"_uf_disable_surveys":false,"footnotes":""},"class_list":["post-1872","page","type-page","status-publish","hentry"],"yoast_head":"<!-- This site is optimized with the Yoast SEO plugin v21.6 - https:\/\/yoast.com\/wordpress\/plugins\/seo\/ -->\n<title>Press &amp; News - Valentina Garraffa Architetto<\/title>\n<meta name=\"robots\" content=\"index, follow, max-snippet:-1, max-image-preview:large, max-video-preview:-1\" \/>\n<link rel=\"canonical\" href=\"https:\/\/www.valentinagarraffa.it\/en\/press-news\/\" \/>\n<meta property=\"og:locale\" content=\"en_GB\" \/>\n<meta property=\"og:type\" content=\"article\" \/>\n<meta property=\"og:title\" content=\"Press &amp; News - Valentina Garraffa Architetto\" \/>\n<meta property=\"og:url\" content=\"https:\/\/www.valentinagarraffa.it\/en\/press-news\/\" \/>\n<meta property=\"og:site_name\" content=\"Valentina Garraffa Architetto\" \/>\n<meta property=\"article:modified_time\" content=\"2023-10-21T21:21:03+00:00\" \/>\n<meta name=\"twitter:card\" content=\"summary_large_image\" \/>\n<script type=\"application\/ld+json\" class=\"yoast-schema-graph\">{\"@context\":\"https:\/\/schema.org\",\"@graph\":[{\"@type\":\"WebPage\",\"@id\":\"https:\/\/www.valentinagarraffa.it\/press-news\/\",\"url\":\"https:\/\/www.valentinagarraffa.it\/press-news\/\",\"name\":\"Press & News - Valentina Garraffa Architetto\",\"isPartOf\":{\"@id\":\"https:\/\/www.valentinagarraffa.it\/#website\"},\"datePublished\":\"2023-10-21T21:16:39+00:00\",\"dateModified\":\"2023-10-21T21:21:03+00:00\",\"breadcrumb\":{\"@id\":\"https:\/\/www.valentinagarraffa.it\/press-news\/#breadcrumb\"},\"inLanguage\":\"en-GB\",\"potentialAction\":[{\"@type\":\"ReadAction\",\"target\":[\"https:\/\/www.valentinagarraffa.it\/press-news\/\"]}]},{\"@type\":\"BreadcrumbList\",\"@id\":\"https:\/\/www.valentinagarraffa.it\/press-news\/#breadcrumb\",\"itemListElement\":[{\"@type\":\"ListItem\",\"position\":1,\"name\":\"Home\",\"item\":\"https:\/\/www.valentinagarraffa.it\/\"},{\"@type\":\"ListItem\",\"position\":2,\"name\":\"Press &#038; News\"}]},{\"@type\":\"WebSite\",\"@id\":\"https:\/\/www.valentinagarraffa.it\/#website\",\"url\":\"https:\/\/www.valentinagarraffa.it\/\",\"name\":\"Valentina Garraffa Architetto\",\"description\":\"Lo spazio e la luce\",\"publisher\":{\"@id\":\"https:\/\/www.valentinagarraffa.it\/#organization\"},\"potentialAction\":[{\"@type\":\"SearchAction\",\"target\":{\"@type\":\"EntryPoint\",\"urlTemplate\":\"https:\/\/www.valentinagarraffa.it\/?s={search_term_string}\"},\"query-input\":\"required name=search_term_string\"}],\"inLanguage\":\"en-GB\"},{\"@type\":\"Organization\",\"@id\":\"https:\/\/www.valentinagarraffa.it\/#organization\",\"name\":\"Valentina Garraffa Architetto\",\"url\":\"https:\/\/www.valentinagarraffa.it\/\",\"logo\":{\"@type\":\"ImageObject\",\"inLanguage\":\"en-GB\",\"@id\":\"https:\/\/www.valentinagarraffa.it\/#\/schema\/logo\/image\/\",\"url\":\"https:\/\/www.valentinagarraffa.it\/wp-content\/uploads\/2023\/10\/valentina-garraffa-logo.png\",\"contentUrl\":\"https:\/\/www.valentinagarraffa.it\/wp-content\/uploads\/2023\/10\/valentina-garraffa-logo.png\",\"width\":1119,\"height\":151,\"caption\":\"Valentina Garraffa Architetto\"},\"image\":{\"@id\":\"https:\/\/www.valentinagarraffa.it\/#\/schema\/logo\/image\/\"},\"sameAs\":[\"https:\/\/instagram.com\/valentinagarraffa\",\"https:\/\/www.linkedin.com\/in\/valentina-garraffa-23b56328\/\"]}]}<\/script>\n<!-- \/ Yoast SEO plugin. -->","yoast_head_json":{"title":"Press & News - Valentina Garraffa Architetto","robots":{"index":"index","follow":"follow","max-snippet":"max-snippet:-1","max-image-preview":"max-image-preview:large","max-video-preview":"max-video-preview:-1"},"canonical":"https:\/\/www.valentinagarraffa.it\/en\/press-news\/","og_locale":"en_GB","og_type":"article","og_title":"Press & News - Valentina Garraffa Architetto","og_url":"https:\/\/www.valentinagarraffa.it\/en\/press-news\/","og_site_name":"Valentina Garraffa Architetto","article_modified_time":"2023-10-21T21:21:03+00:00","twitter_card":"summary_large_image","schema":{"@context":"https:\/\/schema.org","@graph":[{"@type":"WebPage","@id":"https:\/\/www.valentinagarraffa.it\/press-news\/","url":"https:\/\/www.valentinagarraffa.it\/press-news\/","name":"Press & News - Valentina Garraffa Architetto","isPartOf":{"@id":"https:\/\/www.valentinagarraffa.it\/#website"},"datePublished":"2023-10-21T21:16:39+00:00","dateModified":"2023-10-21T21:21:03+00:00","breadcrumb":{"@id":"https:\/\/www.valentinagarraffa.it\/press-news\/#breadcrumb"},"inLanguage":"en-GB","potentialAction":[{"@type":"ReadAction","target":["https:\/\/www.valentinagarraffa.it\/press-news\/"]}]},{"@type":"BreadcrumbList","@id":"https:\/\/www.valentinagarraffa.it\/press-news\/#breadcrumb","itemListElement":[{"@type":"ListItem","position":1,"name":"Home","item":"https:\/\/www.valentinagarraffa.it\/"},{"@type":"ListItem","position":2,"name":"Press &#038; News"}]},{"@type":"WebSite","@id":"https:\/\/www.valentinagarraffa.it\/#website","url":"https:\/\/www.valentinagarraffa.it\/","name":"Valentina Garraffa Architetto","description":"Lo spazio e la luce","publisher":{"@id":"https:\/\/www.valentinagarraffa.it\/#organization"},"potentialAction":[{"@type":"SearchAction","target":{"@type":"EntryPoint","urlTemplate":"https:\/\/www.valentinagarraffa.it\/?s={search_term_string}"},"query-input":"required name=search_term_string"}],"inLanguage":"en-GB"},{"@type":"Organization","@id":"https:\/\/www.valentinagarraffa.it\/#organization","name":"Valentina Garraffa Architetto","url":"https:\/\/www.valentinagarraffa.it\/","logo":{"@type":"ImageObject","inLanguage":"en-GB","@id":"https:\/\/www.valentinagarraffa.it\/#\/schema\/logo\/image\/","url":"https:\/\/www.valentinagarraffa.it\/wp-content\/uploads\/2023\/10\/valentina-garraffa-logo.png","contentUrl":"https:\/\/www.valentinagarraffa.it\/wp-content\/uploads\/2023\/10\/valentina-garraffa-logo.png","width":1119,"height":151,"caption":"Valentina Garraffa Architetto"},"image":{"@id":"https:\/\/www.valentinagarraffa.it\/#\/schema\/logo\/image\/"},"sameAs":["https:\/\/instagram.com\/valentinagarraffa","https:\/\/www.linkedin.com\/in\/valentina-garraffa-23b56328\/"]}]}},"_links":{"self":[{"href":"https:\/\/www.valentinagarraffa.it\/en\/wp-json\/wp\/v2\/pages\/1872","targetHints":{"allow":["GET"]}}],"collection":[{"href":"https:\/\/www.valentinagarraffa.it\/en\/wp-json\/wp\/v2\/pages"}],"about":[{"href":"https:\/\/www.valentinagarraffa.it\/en\/wp-json\/wp\/v2\/types\/page"}],"author":[{"embeddable":true,"href":"https:\/\/www.valentinagarraffa.it\/en\/wp-json\/wp\/v2\/users\/1"}],"replies":[{"embeddable":true,"href":"https:\/\/www.valentinagarraffa.it\/en\/wp-json\/wp\/v2\/comments?post=1872"}],"version-history":[{"count":3,"href":"https:\/\/www.valentinagarraffa.it\/en\/wp-json\/wp\/v2\/pages\/1872\/revisions"}],"predecessor-version":[{"id":1874,"href":"https:\/\/www.valentinagarraffa.it\/en\/wp-json\/wp\/v2\/pages\/1872\/revisions\/1874"}],"wp:attachment":[{"href":"https:\/\/www.valentinagarraffa.it\/en\/wp-json\/wp\/v2\/media?parent=1872"}],"curies":[{"name":"wp","href":"https:\/\/api.w.org\/{rel}","templated":true}]}}